{"id":9514,"date":"2024-09-23T08:19:37","date_gmt":"2024-09-23T07:19:37","guid":{"rendered":"https:\/\/www.sunflux.dk\/?post_type=product&#038;p=9514"},"modified":"2026-05-01T07:42:02","modified_gmt":"2026-05-01T06:42:02","slug":"roed-lins-for-mikrogroent","status":"publish","type":"product","link":"https:\/\/www.sunflux.dk\/sv\/led-specialbelysning\/microgreens\/mikrogroent-froe-oekologiske\/roed-linse-til-mikrogroent","title":{"rendered":"R\u00f6d lins f\u00f6r mikrogr\u00f6nsaker"},"content":{"rendered":"<h2><strong>Ekologiska r\u00f6da linser<\/strong><\/h2>\n<p>V\u00e5r <a href=\"https:\/\/www.sunflux.dk\/da\/mikrogroent-froe-oekologiske\/roed-linse-til-mikrogroent\">fr\u00f6n fr\u00e5n r\u00f6da linser<\/a> 100% \u00e4r ekologiska, bakterie- och laboratorietestade samt EU-certifierade f\u00f6r att s\u00e4kerst\u00e4lla h\u00f6gsta kvalitet. Dessutom kommer dessa r\u00f6da linser endast fr\u00e5n danska och europeiska leverant\u00f6rer, vilket s\u00e4kerst\u00e4ller att de odlas under strikta ekologiska f\u00f6rh\u00e5llanden och uppfyller h\u00f6ga kvalitets- och h\u00e5llbarhetsstandarder. Efter bara 5-7 dagar som <a href=\"https:\/\/www.sunflux.dk\/da\/microgreens\">mikrogr\u00f6n<\/a> N\u00e4r de ekologiska r\u00f6da linserna \u00e4r klara f\u00e5r de en mild, l\u00e4tt n\u00f6taktig smak. N\u00e4r de kokas f\u00e5r de en mjuk och kr\u00e4mig konsistens, vilket g\u00f6r dem idealiska f\u00f6r soppor, grytor och pur\u00e9er. Perfekt som garnering, p\u00e5 sm\u00f6rg\u00e5sar, i sm\u00f6rg\u00e5sar eller wraps. Vi \u00e4r certifierade av danska jordbruksverket f\u00f6r att s\u00e4lja ekologiska fr\u00f6n.<\/p>\n<p><strong>N\u00e4ringsprofil och h\u00e4lsof\u00f6rdelar<\/strong><\/p>\n<p>R\u00f6da linsgroddar \u00e4r en n\u00e4ringsrik superfood fullproppad med viktiga n\u00e4rings\u00e4mnen. De inneh\u00e5ller betydande m\u00e4ngder kolhydrater, upp till 25% protein och \u00e4r rika p\u00e5 fibrer, j\u00e4rn, kalium, kalcium, fosfor samt ett brett spektrum av vitaminer som A, B1, B2, B3, B6, C och E. Denna imponerande n\u00e4ringsprofil g\u00f6r dem till en idealisk k\u00e4lla till energi och h\u00e4lsa, som st\u00f6der allt fr\u00e5n muskeluppbyggnad till immunf\u00f6rsvaret.<\/p>\n<p><strong>Anv\u00e4nd i k\u00f6ket<\/strong><\/p>\n<p class=\"\" data-start=\"0\" data-end=\"331\">Du kan odla de r\u00f6da linsfr\u00f6na som mikrogr\u00f6nsaker i v\u00e5r <a href=\"https:\/\/www.sunflux.dk\/da\/startersaet-til-hjemmedyrkning\/1l-glas-krukke-med-net-laag-og-holder-til-dyrkning-af-plante-spire\"><strong>Spirande kruka f\u00f6r odling <\/strong><\/a>och \u00e4r ett utm\u00e4rkt s\u00e4tt att \u00f6ka n\u00e4ringsinneh\u00e5llet i dina m\u00e5ltider. De \u00e4r fullproppade med protein, fibrer och viktiga vitaminer och mineraler och f\u00f6rb\u00e4ttrar allt fr\u00e5n matsm\u00e4ltningen till synen. Anv\u00e4nd dem i krispiga sallader, som topping p\u00e5 frukostbr\u00f6d, blanda dem i din smoothie eller som en f\u00e4rgglad och h\u00e4lsosam touch till dina r\u00e4tter.<\/p>\n<h4 data-start=\"0\" data-end=\"331\">Du kan enkelt odla dem sj\u00e4lv i en groddkruka - s\u00e5 h\u00e4r g\u00f6r du:<\/h4>\n<ol data-start=\"407\" data-end=\"712\">\n<li class=\"\" data-start=\"407\" data-end=\"463\">\n<p class=\"\" data-start=\"410\" data-end=\"463\">Bl\u00f6tl\u00e4gg dina r\u00f6da linser i vatten i ca 6-8 timmar.<\/p>\n<\/li>\n<li class=\"\" data-start=\"464\" data-end=\"515\">\n<p class=\"\" data-start=\"467\" data-end=\"515\">Sk\u00f6lj dem noga och l\u00e4gg dem i en groddkruka.<\/p>\n<\/li>\n<li class=\"\" data-start=\"516\" data-end=\"590\">\n<p class=\"\" data-start=\"519\" data-end=\"590\">St\u00e4ll groddburken p\u00e5 en ljus plats och sk\u00f6lj groddarna 2-3 g\u00e5nger om dagen.<\/p>\n<\/li>\n<li class=\"\" data-start=\"591\" data-end=\"712\">\n<p class=\"\" data-start=\"594\" data-end=\"712\">Efter 5-7 dagar \u00e4r de l\u00e4ckra, krispiga linsgroddarna redo att sk\u00f6rdas och ger friskhet och smak till dina m\u00e5ltider.<\/p>\n<\/li>\n<\/ol>\n<p>Denna typ av mikrogr\u00f6nsaker har en mild, n\u00f6taktig smak. Denna m\u00e5ngsidighet g\u00f6r dem idealiska f\u00f6r en rad olika kulinariska till\u00e4mpningar: som ett krispigt och n\u00e4ringsrikt tillskott i sallader, en djup smakf\u00f6rst\u00e4rkare i soppor eller som ett h\u00e4lsosamt p\u00e5l\u00e4gg p\u00e5 sm\u00f6rg\u00e5sar och wraps. Den unika smaken g\u00f6r att de kan integreras i m\u00e5nga olika recept och ge en h\u00e4lsosam och smakrik twist till dina m\u00e5ltider.<\/p>\n<p class=\"\" data-start=\"0\" data-end=\"25\"><strong data-start=\"0\" data-end=\"25\">S\u00e4kerhet och kvalitet<\/strong><\/p>\n<p class=\"\" data-start=\"27\" data-end=\"300\">V\u00e5ra ekologiska r\u00f6da linser \u00e4r inte bara n\u00e4ringsrika, utan ocks\u00e5 helt s\u00e4kra att \u00e4ta. Vi ser till att v\u00e5ra fr\u00f6n \u00e4r ekologiskt certifierade och fria fr\u00e5n syntetiska bek\u00e4mpningsmedel och g\u00f6dningsmedel. F\u00f6r att uppr\u00e4tth\u00e5lla den h\u00f6gsta s\u00e4kerhetsniv\u00e5n testas fr\u00f6na f\u00f6r skadliga bakterier, t.ex:<\/p>\n<ul data-start=\"302\" data-end=\"396\">\n<li class=\"\" data-start=\"302\" data-end=\"319\">\n<p class=\"\" data-start=\"304\" data-end=\"319\">Bacillus cereus<\/p>\n<\/li>\n<li class=\"\" data-start=\"320\" data-end=\"337\">\n<p class=\"\" data-start=\"322\" data-end=\"337\">Salmonella spp.<\/p>\n<\/li>\n<li class=\"\" data-start=\"338\" data-end=\"362\">\n<p class=\"\" data-start=\"340\" data-end=\"362\">Listeria monocytogenes<\/p>\n<\/li>\n<li class=\"\" data-start=\"363\" data-end=\"396\">\n<p class=\"\" data-start=\"365\" data-end=\"396\">Verotoxinproducerande E. coli<\/p>\n<\/li>\n<\/ul>\n<p class=\"\" data-start=\"398\" data-end=\"486\">Dessa noggranna tester s\u00e4kerst\u00e4ller att du f\u00e5r en produkt som \u00e4r b\u00e5de h\u00e4lsosam och s\u00e4ker att \u00e4ta.<\/p>","protected":false},"excerpt":{"rendered":"<p>Groddar av r\u00f6da linser \u00e4r ett enkelt och h\u00e4lsosamt s\u00e4tt att berika dina m\u00e5ltider. De \u00e4r fulla av protein, fibrer och viktiga vitaminer och mineraler och bidrar till allt fr\u00e5n energi och matsm\u00e4ltning till starka ben och god syn. Anv\u00e4nd dem i sallader, som topping p\u00e5 rostat br\u00f6d, i smoothies eller som ett f\u00e4rgstarkt och n\u00e4ringsrikt inslag i dina r\u00e4tter. Du kan enkelt odla dem sj\u00e4lv p\u00e5 ditt k\u00f6ksbord.<\/p>","protected":false},"featured_media":2234,"comment_status":"open","ping_status":"closed","template":"","meta":{"_acf_changed":false,"ocean_front_end_style_editor":"no","ocean_post_layout":"","ocean_both_sidebars_style":"","ocean_both_sidebars_content_width":0,"ocean_both_sidebars_sidebars_width":0,"ocean_sidebar":"0","ocean_second_sidebar":"0","ocean_disable_margins":"enable","ocean_add_body_class":"","ocean_shortcode_before_top_bar":"","ocean_shortcode_after_top_bar":"","ocean_shortcode_before_header":"","ocean_shortcode_after_header":"","ocean_has_shortcode":"","ocean_shortcode_after_title":"","ocean_shortcode_before_footer_widgets":"","ocean_shortcode_after_footer_widgets":"","ocean_shortcode_before_footer_bottom":"","ocean_shortcode_after_footer_bottom":"","ocean_display_top_bar":"default","ocean_display_header":"default","ocean_header_style":"","ocean_center_header_left_menu":"0","ocean_custom_header_template":"0","ocean_custom_logo":0,"ocean_custom_retina_logo":0,"ocean_custom_logo_max_width":0,"ocean_custom_logo_tablet_max_width":0,"ocean_custom_logo_mobile_max_width":0,"ocean_custom_logo_max_height":0,"ocean_custom_logo_tablet_max_height":0,"ocean_custom_logo_mobile_max_height":0,"ocean_header_custom_menu":"0","ocean_menu_typo_font_family":"0","ocean_menu_typo_font_subset":"","ocean_menu_typo_font_size":0,"ocean_menu_typo_font_size_tablet":0,"ocean_menu_typo_font_size_mobile":0,"ocean_menu_typo_font_size_unit":"px","ocean_menu_typo_font_weight":"","ocean_menu_typo_font_weight_tablet":"","ocean_menu_typo_font_weight_mobile":"","ocean_menu_typo_transform":"","ocean_menu_typo_transform_tablet":"","ocean_menu_typo_transform_mobile":"","ocean_menu_typo_line_height":0,"ocean_menu_typo_line_height_tablet":0,"ocean_menu_typo_line_height_mobile":0,"ocean_menu_typo_line_height_unit":"","ocean_menu_typo_spacing":0,"ocean_menu_typo_spacing_tablet":0,"ocean_menu_typo_spacing_mobile":0,"ocean_menu_typo_spacing_unit":"","ocean_menu_link_color":"","ocean_menu_link_color_hover":"","ocean_menu_link_color_active":"","ocean_menu_link_background":"","ocean_menu_link_hover_background":"","ocean_menu_link_active_background":"","ocean_menu_social_links_bg":"","ocean_menu_social_hover_links_bg":"","ocean_menu_social_links_color":"","ocean_menu_social_hover_links_color":"","ocean_disable_title":"default","ocean_disable_heading":"default","ocean_post_title":"","ocean_post_subheading":"","ocean_post_title_style":"","ocean_post_title_background_color":"","ocean_post_title_background":0,"ocean_post_title_bg_image_position":"","ocean_post_title_bg_image_attachment":"","ocean_post_title_bg_image_repeat":"","ocean_post_title_bg_image_size":"","ocean_post_title_height":0,"ocean_post_title_bg_overlay":0.5,"ocean_post_title_bg_overlay_color":"","ocean_disable_breadcrumbs":"default","ocean_breadcrumbs_color":"","ocean_breadcrumbs_separator_color":"","ocean_breadcrumbs_links_color":"","ocean_breadcrumbs_links_hover_color":"","ocean_display_footer_widgets":"default","ocean_display_footer_bottom":"default","ocean_custom_footer_template":"0"},"product_brand":[],"product_cat":[1430,1573],"product_tag":[144,140,146,143],"class_list":["post-9514","product","type-product","status-publish","has-post-thumbnail","product_cat-microgreens","product_cat-mikrogroent-froe-oekologiske","product_tag-froe","product_tag-mikrogroent","product_tag-oekologisk","product_tag-roedelinser","entry","has-media","first","instock","taxable","shipping-taxable","purchasable","product-type-variable","has-default-attributes","has-product-nav","col","span_1_of_4","owp-content-center","owp-thumbs-layout-horizontal","owp-btn-normal","owp-tabs-layout-horizontal"],"acf":[],"_links":{"self":[{"href":"https:\/\/www.sunflux.dk\/sv\/wp-json\/wp\/v2\/product\/9514","targetHints":{"allow":["GET"]}}],"collection":[{"href":"https:\/\/www.sunflux.dk\/sv\/wp-json\/wp\/v2\/product"}],"about":[{"href":"https:\/\/www.sunflux.dk\/sv\/wp-json\/wp\/v2\/types\/product"}],"replies":[{"embeddable":true,"href":"https:\/\/www.sunflux.dk\/sv\/wp-json\/wp\/v2\/comments?post=9514"}],"version-history":[{"count":0,"href":"https:\/\/www.sunflux.dk\/sv\/wp-json\/wp\/v2\/product\/9514\/revisions"}],"wp:featuredmedia":[{"embeddable":true,"href":"https:\/\/www.sunflux.dk\/sv\/wp-json\/wp\/v2\/media\/2234"}],"wp:attachment":[{"href":"https:\/\/www.sunflux.dk\/sv\/wp-json\/wp\/v2\/media?parent=9514"}],"wp:term":[{"taxonomy":"product_brand","embeddable":true,"href":"https:\/\/www.sunflux.dk\/sv\/wp-json\/wp\/v2\/product_brand?post=9514"},{"taxonomy":"product_cat","embeddable":true,"href":"https:\/\/www.sunflux.dk\/sv\/wp-json\/wp\/v2\/product_cat?post=9514"},{"taxonomy":"product_tag","embeddable":true,"href":"https:\/\/www.sunflux.dk\/sv\/wp-json\/wp\/v2\/product_tag?post=9514"}],"curies":[{"name":"wp","href":"https:\/\/api.w.org\/{rel}","templated":true}]}}